{"id":386,"date":"2024-10-22T15:15:07","date_gmt":"2024-10-22T12:15:07","guid":{"rendered":"https:\/\/u79114.www2.webdomain.fi\/kesy\/?page_id=386"},"modified":"2024-10-22T15:15:35","modified_gmt":"2024-10-22T12:15:35","slug":"iso-roobertinkadun-kavelykadun-peruskorjaus","status":"publish","type":"page","link":"https:\/\/www.vyl.fi\/kesy\/kesy-hankkeet\/iso-roobertinkadun-kavelykadun-peruskorjaus\/","title":{"rendered":"Iso-Roobertinkadun k\u00e4velykadun peruskorjaus"},"content":{"rendered":"\n<p><strong>Hankkeen tavoitteet ja sis\u00e4lt\u00f6:<\/strong><strong>&nbsp;<\/strong>Kokonaisvaltaisessa peruskorjauksessa parannettiin k\u00e4velykadun k\u00e4ytett\u00e4vyytt\u00e4 ja kaupunkikuvallista laatua. Katuremontissa Annankadun risteys muutettiin niin sanotuksi shared space -alueeksi, jossa k\u00e4velykatu jatkuu Annankadun yli. Fredrikinkadun ja Yrj\u00f6nkadun p\u00e4\u00e4t suljettiin ajoestein, mutta kadun kumpaankin p\u00e4\u00e4h\u00e4n asennettu automaattisesti laskeutuva pollari sallii k\u00e4velykadulta pois ajamisen. Koko k\u00e4velykatu kivettiin punertavalla sekav\u00e4risell\u00e4 luonnonkivell\u00e4. Kohteessa uusiok\u00e4ytettiin vanhoja graniittisia reunakivi\u00e4 sek\u00e4 nupu- ja noppakivi\u00e4. Kolme hyv\u00e4kuntoista lehmusta s\u00e4ilytettiin, ja niiden kanssa samaan riviin istutettiin uusia pienempikasvuisia lehtipuita, punavaahteroita ja kartiovalkopy\u00f6kkej\u00e4. Katupuu- ja kalustevy\u00f6hykkeelle asennettiin istuttavia luonnonkivipaasia, tuoleja, py\u00f6r\u00e4telineit\u00e4 ja mainoslaitteita sek\u00e4 hulevesikaivoja, jotka ohjaavat osan kadun hulevesist\u00e4 puiden kasvualustoihin. Kadun valaistus uusittiin energiatehokkaaksi. Kunnostettu Bj\u00f6rn Weckstr\u00f6min Viheltelev\u00e4 helsinkil\u00e4inen -veistos palautettiin Yrj\u00f6nkadun puoleiseen kadun p\u00e4\u00e4h\u00e4n.<\/p>\n\n\n\n<p><strong>Valmistumisajankohta:<\/strong><strong>&nbsp;<\/strong><strong>2018<\/strong><\/p>\n\n\n\n<p><strong>Tilaaja:<\/strong><strong>&nbsp;<\/strong>Helsingin kaupunkiymp\u00e4rist\u00f6n&nbsp;toimiala<\/p>\n\n\n\n<p><strong>Suunnittelu:<\/strong><strong>&nbsp;<\/strong>Ramboll Finland Oy<\/p>\n\n\n\n<p><strong>Toteutus<\/strong>:<strong>&nbsp;<\/strong>VRJ Etel\u00e4-Suomi Oy<\/p>\n\n\n\n<p><strong>Lis\u00e4tiedot:<\/strong><strong>&nbsp;<\/strong>Tomas Palmgren,<strong>&nbsp;<a href=\"mailto:tomas.palmgren@hel.fi\">tomas.palmgren@hel.fi<\/a><\/strong><\/p>\n","protected":false},"excerpt":{"rendered":"<p>Hankkeen tavoitteet ja sis\u00e4lt\u00f6:&nbsp;Kokonaisvaltaisessa peruskorjauksessa parannettiin k\u00e4velykadun k\u00e4ytett\u00e4vyytt\u00e4 ja kaupunkikuvallista laatua. Katuremontissa Annankadun risteys muutettiin niin sanotuksi shared space -alueeksi, jossa k\u00e4velykatu jatkuu Annankadun yli. Fredrikinkadun ja Yrj\u00f6nkadun p\u00e4\u00e4t suljettiin ajoestein, mutta kadun kumpaankin p\u00e4\u00e4h\u00e4n asennettu automaattisesti laskeutuva pollari sallii k\u00e4velykadulta pois ajamisen. Koko k\u00e4velykatu kivettiin punertavalla sekav\u00e4risell\u00e4 luonnonkivell\u00e4. Kohteessa uusiok\u00e4ytettiin vanhoja graniittisia reunakivi\u00e4 sek\u00e4 [&hellip;]<\/p>\n","protected":false},"author":7,"featured_media":0,"parent":24,"menu_order":23,"comment_status":"closed","ping_status":"closed","template":"","meta":{"_acf_changed":false,"_relevanssi_hide_post":"","_relevanssi_hide_content":"","_relevanssi_pin_for_all":"","_relevanssi_pin_keywords":"","_relevanssi_unpin_keywords":"","_relevanssi_related_keywords":"","_relevanssi_related_include_ids":"","_relevanssi_related_exclude_ids":"","_relevanssi_related_no_append":"","_relevanssi_related_not_related":"","_relevanssi_related_posts":"1","_relevanssi_noindex_reason":"","footnotes":""},"class_list":["post-386","page","type-page","status-publish","hentry"],"acf":[],"_links":{"self":[{"href":"https:\/\/www.vyl.fi\/kesy\/wp-json\/wp\/v2\/pages\/386","targetHints":{"allow":["GET"]}}],"collection":[{"href":"https:\/\/www.vyl.fi\/kesy\/wp-json\/wp\/v2\/pages"}],"about":[{"href":"https:\/\/www.vyl.fi\/kesy\/wp-json\/wp\/v2\/types\/page"}],"author":[{"embeddable":true,"href":"https:\/\/www.vyl.fi\/kesy\/wp-json\/wp\/v2\/users\/7"}],"replies":[{"embeddable":true,"href":"https:\/\/www.vyl.fi\/kesy\/wp-json\/wp\/v2\/comments?post=386"}],"version-history":[{"count":1,"href":"https:\/\/www.vyl.fi\/kesy\/wp-json\/wp\/v2\/pages\/386\/revisions"}],"predecessor-version":[{"id":387,"href":"https:\/\/www.vyl.fi\/kesy\/wp-json\/wp\/v2\/pages\/386\/revisions\/387"}],"up":[{"embeddable":true,"href":"https:\/\/www.vyl.fi\/kesy\/wp-json\/wp\/v2\/pages\/24"}],"wp:attachment":[{"href":"https:\/\/www.vyl.fi\/kesy\/wp-json\/wp\/v2\/media?parent=386"}],"curies":[{"name":"wp","href":"https:\/\/api.w.org\/{rel}","templated":true}]}}