{"id":194,"date":"2025-02-25T13:35:22","date_gmt":"2025-02-25T11:35:22","guid":{"rendered":"https:\/\/u79114.www2.webdomain.fi\/koulutus\/?page_id=194"},"modified":"2025-02-25T13:36:44","modified_gmt":"2025-02-25T11:36:44","slug":"minustako-viheralan-ammattilainen","status":"publish","type":"page","link":"https:\/\/www.vyl.fi\/koulutus\/info\/minustako-viheralan-ammattilainen\/","title":{"rendered":"Minustako viheralan ammattilainen?"},"content":{"rendered":"\n<p class=\"wp-block-lala-blocks-lala-ingressi\">Viherala on monipuolinen ammattialojen kokonaisuus, jossa voit ty\u00f6llisty\u00e4 monenlaisissa teht\u00e4viss\u00e4.<\/p>\n\n\n\n<p>Viheralan ammattilainen vastaa ulkotilojen elinkaaresta. Ulkotiloja voi olla sek\u00e4 luonnonymp\u00e4rist\u00f6t ett\u00e4 rakennettu ymp\u00e4rist\u00f6, kuten puistot, puutarhat, aukiot, taajamamets\u00e4t, virkistysalueet, pihat, tiealueet ja kulttuurimaisemat. Viheralan teht\u00e4vi\u00e4 rajoittavat lyhyt kasvukausi sek\u00e4 kylm\u00e4 talvi. Viheralueet huomioidaan entist\u00e4 n\u00e4kyv\u00e4mmin, erityisesti yksityinen sektori ty\u00f6llist\u00e4\u00e4 yh\u00e4 enemm\u00e4n.&nbsp;<\/p>\n\n\n\n<p>Ammattilainen ty\u00f6skentelee viheralueiden monipuolisissa teht\u00e4viss\u00e4 suunnittelu-, rakennus- ja hoitovaiheessa. Olet terveyden, hyvinvoinnin, ymp\u00e4rist\u00f6n puhdistamisen ja viihtyis\u00e4n elintilan luomisen ja yll\u00e4pidon asiantuntija muuttuvassa ymp\u00e4rist\u00f6ss\u00e4. Ammattilaisen haasteina ovat ilmastonmuutos, laadukkaiden kotimaisten materiaalien k\u00e4ytt\u00f6, kaupungistuminen ja kaupunkirakenteen tiivistyminen.&nbsp;<\/p>\n\n\n\n<p>Viheralan koulutukset antavat valmiudet ty\u00f6skennell\u00e4 niin puutarhurina, kivimiehen\u00e4 viherrakentajan teht\u00e4viss\u00e4, maisemasuunnittelijana, koneenkuljettajana, rakennustekniikan diplomi-insin\u00f6\u00f6rin\u00e4, arboristina tai puistomestarina. Lis\u00e4ksi materiaalituotanto, kauppa, neuvonta, opetus,&nbsp;tutkimus ja hallinnossa teht\u00e4v\u00e4 ty\u00f6 kuuluvat viheralaan. Ammatit ovat tiiviisti kytk\u00f6ksiss\u00e4 toisiinsa, ammattilaisena tulet taitamaan monipuoliset teht\u00e4v\u00e4t.&nbsp;<\/p>\n\n\n\n<p>Tyypillisi\u00e4 ty\u00f6paikkoja ovat:&nbsp;<\/p>\n\n\n\n<ul class=\"wp-block-list\">\n<li>Kaupunkien ja kuntien vihertoimi<\/li>\n\n\n\n<li>Kiinteist\u00f6nhuoltoyhti\u00f6t<\/li>\n\n\n\n<li>Puutarhamyym\u00e4l\u00e4t<\/li>\n\n\n\n<li>Kauppapuutarhat<\/li>\n\n\n\n<li>Taimitarhat<\/li>\n\n\n\n<li>Puutarhat<\/li>\n\n\n\n<li>Kukkakaupat<\/li>\n\n\n\n<li>Viherrakennusliikkeet<\/li>\n\n\n\n<li>Maanrakennusliikkeet<\/li>\n\n\n\n<li>Suunnittelutoimistot<\/li>\n\n\n\n<li>Konsulttitoimistot<\/li>\n\n\n\n<li>Arkkitehtitoimistot<\/li>\n\n\n\n<li>Tutkimuslaitokset<\/li>\n\n\n\n<li>Yliopistot<\/li>\n\n\n\n<li>Oppilaitokset<\/li>\n\n\n\n<li>Kunnat<\/li>\n\n\n\n<li>Valtio<\/li>\n\n\n\n<li>J\u00e4rjest\u00f6t<\/li>\n\n\n\n<li>Liitot<\/li>\n\n\n\n<li>Yhdistykset<\/li>\n\n\n\n<li>Oma yritys<\/li>\n<\/ul>\n","protected":false},"excerpt":{"rendered":"<p>Viheralan ammattilainen vastaa ulkotilojen elinkaaresta. Ulkotiloja voi olla sek\u00e4 luonnonymp\u00e4rist\u00f6t ett\u00e4 rakennettu ymp\u00e4rist\u00f6, kuten puistot, puutarhat, aukiot, taajamamets\u00e4t, virkistysalueet, pihat, tiealueet ja kulttuurimaisemat. Viheralan teht\u00e4vi\u00e4 rajoittavat lyhyt kasvukausi sek\u00e4 kylm\u00e4 talvi. Viheralueet huomioidaan entist\u00e4 n\u00e4kyv\u00e4mmin, erityisesti yksityinen sektori ty\u00f6llist\u00e4\u00e4 yh\u00e4 enemm\u00e4n.&nbsp; Ammattilainen ty\u00f6skentelee viheralueiden monipuolisissa teht\u00e4viss\u00e4 suunnittelu-, rakennus- ja hoitovaiheessa. Olet terveyden, hyvinvoinnin, ymp\u00e4rist\u00f6n puhdistamisen [&hellip;]<\/p>\n","protected":false},"author":8,"featured_media":0,"parent":26,"menu_order":0,"comment_status":"closed","ping_status":"closed","template":"","meta":{"_acf_changed":false,"_relevanssi_hide_post":"","_relevanssi_hide_content":"","_relevanssi_pin_for_all":"","_relevanssi_pin_keywords":"","_relevanssi_unpin_keywords":"","_relevanssi_related_keywords":"","_relevanssi_related_include_ids":"","_relevanssi_related_exclude_ids":"","_relevanssi_related_no_append":"","_relevanssi_related_not_related":"","_relevanssi_related_posts":"1","_relevanssi_noindex_reason":"","footnotes":""},"class_list":["post-194","page","type-page","status-publish","hentry"],"acf":[],"_links":{"self":[{"href":"https:\/\/www.vyl.fi\/koulutus\/wp-json\/wp\/v2\/pages\/194","targetHints":{"allow":["GET"]}}],"collection":[{"href":"https:\/\/www.vyl.fi\/koulutus\/wp-json\/wp\/v2\/pages"}],"about":[{"href":"https:\/\/www.vyl.fi\/koulutus\/wp-json\/wp\/v2\/types\/page"}],"author":[{"embeddable":true,"href":"https:\/\/www.vyl.fi\/koulutus\/wp-json\/wp\/v2\/users\/8"}],"replies":[{"embeddable":true,"href":"https:\/\/www.vyl.fi\/koulutus\/wp-json\/wp\/v2\/comments?post=194"}],"version-history":[{"count":1,"href":"https:\/\/www.vyl.fi\/koulutus\/wp-json\/wp\/v2\/pages\/194\/revisions"}],"predecessor-version":[{"id":195,"href":"https:\/\/www.vyl.fi\/koulutus\/wp-json\/wp\/v2\/pages\/194\/revisions\/195"}],"up":[{"embeddable":true,"href":"https:\/\/www.vyl.fi\/koulutus\/wp-json\/wp\/v2\/pages\/26"}],"wp:attachment":[{"href":"https:\/\/www.vyl.fi\/koulutus\/wp-json\/wp\/v2\/media?parent=194"}],"curies":[{"name":"wp","href":"https:\/\/api.w.org\/{rel}","templated":true}]}}