{"id":235,"date":"2025-02-26T10:21:13","date_gmt":"2025-02-26T08:21:13","guid":{"rendered":"https:\/\/u79114.www2.webdomain.fi\/koulutus\/?page_id=235"},"modified":"2025-03-20T15:07:54","modified_gmt":"2025-03-20T13:07:54","slug":"parasta-on-se-kun-nakee-kattensa-jaljen","status":"publish","type":"page","link":"https:\/\/www.vyl.fi\/koulutus\/info\/parasta-on-se-kun-nakee-kattensa-jaljen\/","title":{"rendered":"Parasta on se, kun n\u00e4kee k\u00e4ttens\u00e4 j\u00e4ljen"},"content":{"rendered":"\n<p class=\"wp-block-lala-blocks-lala-ingressi\">Salla Tuominen viihtyy viheralueiden kunnossapidon t\u00f6iss\u00e4. Tulevaisuudessa h\u00e4n t\u00e4ht\u00e4\u00e4 alalla eteenp\u00e4in suunnittelijan opintojen my\u00f6t\u00e4.<\/p>\n\n\n\n<h3 class=\"wp-block-heading\">Kokeilun kautta l\u00f6ytyi oma ala<\/h3>\n\n\n\n<p>Salla k\u00e4vi t\u00f6iss\u00e4 jo peruskoulun aikana ja heti sen j\u00e4lkeen. Viherala l\u00f6ytyi, kun h\u00e4n p\u00e4\u00e4si opiskelemaan viherrakentamista Lappeenrannassa toimivaan Saimaan ammattiopisto Sampoon ja piti siit\u00e4 kovasti. El\u00e4m\u00e4 vei pian kuitenkin toiseen kaupunkiin, Hyvink\u00e4\u00e4lle. Siell\u00e4 Salla teki t\u00f6it\u00e4 eri aloilla, mutta mik\u00e4\u00e4n niist\u00e4 ei tuntunut omalta. Viherala veti puoleensa ja Salla suorittikin parissa vuodessa Hyria ammattikoulussa <a href=\"https:\/\/www.vyl.fi\/koulutus\/ammatillinenkoulutus\/perustutkinnot\/\" data-type=\"page\" data-id=\"56\">puutarhatuotannon opinnot<\/a>.<\/p>\n\n\n\n<p>\u201dTykk\u00e4sin opinnoissa siit\u00e4, ett\u00e4 asiat voi opetella k\u00e4yt\u00e4nn\u00f6n ty\u00f6ss\u00e4. Ei ole tarvinnut istua koulun penkill\u00e4 kovin paljon\u201d, Salla kertoo.<\/p>\n\n\n\n<p>Valmistumisen j\u00e4lkeen Salla muutti Lahden seudulle ja p\u00e4\u00e4si rakennusliike YIT:lle t\u00f6ihin viheraluety\u00f6ntekij\u00e4ksi. Ty\u00f6t\u00e4 tehtiin kaupungin viheralueilla. Ala tuntui omalta, ja Salla innostui opiskelemaan lis\u00e4\u00e4: yhden kes\u00e4n aikana h\u00e4n k\u00e4vi ty\u00f6n ohella <a href=\"https:\/\/www.vyl.fi\/koulutus\/ammatillinenkoulutus\/ammattitutkinnot\/\" data-type=\"page\" data-id=\"75\">puistopuutarhurikoulutuksen<\/a>.<\/p>\n\n\n\n<figure class=\"wp-block-embed is-type-video is-provider-youtube wp-block-embed-youtube wp-embed-aspect-16-9 wp-has-aspect-ratio\"><div class=\"wp-block-embed__wrapper\">\n<iframe loading=\"lazy\" title=\"Viheralan uratarinat: Salla kertoo opinnoistaan ja ty\u00f6st\u00e4\u00e4n viheralueiden kunnossapidossa\" width=\"800\" height=\"450\" src=\"https:\/\/www.youtube.com\/embed\/e7R0OCUX7Ds?feature=oembed\" frameborder=\"0\" allow=\"accelerometer; autoplay; clipboard-write; encrypted-media; gyroscope; picture-in-picture; web-share\" referrerpolicy=\"strict-origin-when-cross-origin\" allowfullscreen><\/iframe>\n<\/div><figcaption class=\"wp-element-caption\">Salla kertoo opinnoistaan ja ty\u00f6st\u00e4\u00e4n viheralalla.<\/figcaption><\/figure>\n\n\n\n<h3 class=\"wp-block-heading\">T\u00f6it\u00e4 kaupungin sykkeess\u00e4 ja hautausmaan rauhassa<\/h3>\n\n\n\n<p>Ty\u00f6 kaupunkien viheralueilla toi arvokasta kokemusta. Salla on ollut hoitamassa niin leikkialueita, teiden viherkaistaleita kuin erilaisia puistojakin. Ulkoty\u00f6ss\u00e4 asenteen on oltava kohdallaan, koska t\u00f6it\u00e4 tehd\u00e4\u00e4n joka s\u00e4\u00e4ll\u00e4 kev\u00e4\u00e4st\u00e4 pitk\u00e4lle syksyyn.<\/p>\n\n\n\n<p>\u201dTy\u00f6tahti kaupungilla oli kova, aikataulua vasten tehtiin t\u00f6it\u00e4\u201d, Salla kertoo.<\/p>\n\n\n\n<p>Salla pit\u00e4\u00e4 eniten ty\u00f6n k\u00e4yt\u00e4nn\u00f6nl\u00e4heisyydest\u00e4.<\/p>\n\n\n\n<p>\u201dParasta ty\u00f6ss\u00e4 on, kun n\u00e4kee k\u00e4ttens\u00e4 j\u00e4ljen. Hyv\u00e4 puoli on my\u00f6s se, ett\u00e4 kun ty\u00f6 on fyysist\u00e4, ei ty\u00f6p\u00e4iv\u00e4n j\u00e4lkeen tarvitse mietti\u00e4 kuntosalille menoa\u201d, Salla sanoo.<\/p>\n\n\n\n<p>Kovasta ty\u00f6tahdista huolimatta Sallalla on riitt\u00e4nyt energiaa opiskella j\u00e4lleen lis\u00e4\u00e4: viime kev\u00e4\u00e4n\u00e4 h\u00e4n suoritti johtamiseen keskittyv\u00e4n <a href=\"https:\/\/www.vyl.fi\/koulutus\/ammatillinenkoulutus\/erikoisammattitutkinto\/\" data-type=\"page\" data-id=\"80\">viheraluemestarin tutkinnon<\/a>. Samoihin aikoihin Salla p\u00e4\u00e4si uuteen ty\u00f6paikkaan Lahden seurakunnalle, Nastolan hautausmaalle. Siell\u00e4 h\u00e4n on p\u00e4\u00e4ssyt kausivastaavaksi ja johtaa viiden hengen tiimi\u00e4.<\/p>\n\n\n\n<p>Salla kertoo ty\u00f6n olevan mukavan joustavaa.<\/p>\n\n\n\n<p>\u201dEnimm\u00e4kseen teen t\u00f6it\u00e4 toimistossa, mutta kun kaipaan ulkoilmaan, niin k\u00e4yn tekem\u00e4ss\u00e4 kunnossapidon t\u00f6it\u00e4 hautausmaalla yhdess\u00e4 tiimil\u00e4isteni kanssa.\u201d<\/p>\n\n\n\n<p>Ty\u00f6tahti on rauhallisempi kuin kaupungilla, koska aikaa on oltava my\u00f6s asiakkaiden eli surevien omaisten kohtaamiselle.<\/p>\n\n\n\n<p>\u201dHautausmaalla ei voi juosta kukat kainalossa istuttamaan, vaan on kunnioitettava alueen rauhaa\u201d, Salla toteaa.<\/p>\n\n\n\n<figure class=\"wp-block-image size-full\"><img loading=\"lazy\" decoding=\"async\" width=\"1020\" height=\"680\" src=\"http:\/\/u79114.www2.webdomain.fi\/koulutus\/wp-content\/uploads\/sites\/7\/2025\/02\/IMG_7564-web.jpg\" alt=\"\" class=\"wp-image-238\" srcset=\"https:\/\/www.vyl.fi\/koulutus\/wp-content\/uploads\/sites\/7\/2025\/02\/IMG_7564-web.jpg 1020w, https:\/\/www.vyl.fi\/koulutus\/wp-content\/uploads\/sites\/7\/2025\/02\/IMG_7564-web-300x200.jpg 300w, https:\/\/www.vyl.fi\/koulutus\/wp-content\/uploads\/sites\/7\/2025\/02\/IMG_7564-web-768x512.jpg 768w\" sizes=\"(max-width: 1020px) 100vw, 1020px\" \/><figcaption class=\"wp-element-caption\">&#8221;Viheralan t\u00f6it\u00e4 voi tulla kokeilemaan vaikka TET-jaksolla tai kes\u00e4t\u00f6ihin, vaikkei tuntisi viel\u00e4 yht\u00e4\u00e4n kasvia&#8221;, Salla kannustaa nuoria alasta kiinnostuneita.<\/figcaption><\/figure>\n\n\n\n<h3 class=\"wp-block-heading\">Salla suosittelee viheralaa nuorille<\/h3>\n\n\n\n<p>Viherala on tullut Sallalle t\u00e4rke\u00e4ksi. H\u00e4n on n\u00e4hnyt vuosien ajan k\u00e4yt\u00e4nn\u00f6n ty\u00f6t\u00e4 ja n\u00e4hnyt ihmisi\u00e4, jotka viihtyv\u00e4t niiss\u00e4 pitk\u00e4\u00e4n.<\/p>\n\n\n\n<p>\u201dMeill\u00e4 on sellaisia kausity\u00f6ntekij\u00f6it\u00e4, jotka ovat olleet t\u00e4\u00e4ll\u00e4 t\u00f6iss\u00e4 jo kaksikymment\u00e4 vuotta. Joka kev\u00e4t he palaavat talvitauon j\u00e4lkeen\u201d, Salla kertoo.<\/p>\n\n\n\n<p>H\u00e4n itsekin aikoo pysy\u00e4 alalla, mutta on saanut kipin\u00e4n suunnitteluteht\u00e4viin.<\/p>\n\n\n\n<p>\u201dOlisi kiva p\u00e4\u00e4st\u00e4 ihan alusta asti vaikuttamaan ja tekem\u00e4\u00e4n p\u00e4\u00e4t\u00f6ksi\u00e4 viheralueista, kun olen n\u00e4hnyt alueet kunnossapidon n\u00e4k\u00f6kulmasta. Enemm\u00e4n luonnonmukaisia puistoja ja leikkipaikoille sy\u00f6t\u00e4vi\u00e4 marjoja piikkipensaiden sijaan\u201d, Salla pohtii.<\/p>\n\n\n\n<p>Pian haastattelun j\u00e4lkeen Salla saikin ilouutisen: H\u00e4nelle avautui opiskelupaikka Lahden ammattikorkeakoulusta, jossa h\u00e4n aloittaa seuraavaksi <a href=\"https:\/\/www.vyl.fi\/koulutus\/korkeakoulututkinnot\/ammattikorkeakoulu\/\" data-type=\"page\" data-id=\"83\">kest\u00e4v\u00e4n kaupunkisuunnittelun insin\u00f6\u00f6rin<\/a> opinnot. Aiheesta innostuneena Salla n\u00e4kee mahdollisuuksia opiskelun kautta nostaa my\u00f6s tulotasoaan.<\/p>\n\n\n\n<p>\u201dViheralalla voi my\u00f6s tienata, kun opiskelee itselleen ylempi\u00e4 puutarha-alan tutkintoja ja pyrkii ty\u00f6njohdollisiin teht\u00e4viin. Sit\u00e4 kautta saa yleens\u00e4 vakituisen sek\u00e4 korkeapalkkaisemman ty\u00f6paikan\u201d, Salla sanoo.<\/p>\n\n\n\n<p>Opiskelu ylempiin tutkintoihin on Sallan mielest\u00e4 helppoa, koska opinnot pystyy suorittamaan suurelta osin t\u00f6it\u00e4 tehden.<\/p>\n\n\n\n<p>Omaa alaansa etsivi\u00e4 nuoria Salla haluaa innostaa mukaan viheralalle:<\/p>\n\n\n\n<p>\u201dKannattaa l\u00e4hte\u00e4 kokeilemaan ja uskoa omiin kykyihins\u00e4. N\u00e4m\u00e4 hommat kyll\u00e4 oppii tekem\u00e4ll\u00e4 ja alkuun p\u00e4\u00e4see, vaikka ei viel\u00e4 olisi kokemusta. Osaat kyll\u00e4!\u201d Salla kannustaa.<\/p>\n\n\n\n<div class=\"wp-block-buttons is-layout-flex wp-block-buttons-is-layout-flex\">\n<div class=\"wp-block-button\"><a class=\"wp-block-button__link wp-element-button\" href=\"http:\/\/u79114.www2.webdomain.fi\/koulutus\/wp-content\/uploads\/sites\/7\/2025\/02\/GVEU-uratarinaesite-SALLA.pdf\">Lataa tai tulosta Sallan uratarina (pdf)<\/a><\/div>\n\n\n\n<div class=\"wp-block-button\"><a class=\"wp-block-button__link wp-element-button\" href=\"https:\/\/viherymparisto.vyl.fi\/shared\/article\/matkalla-jonnekin\/S_7RJJkU\">Lue lis\u00e4\u00e4 Viherymp\u00e4rist\u00f6-lehdest\u00e4<\/a><\/div>\n<\/div>\n\n\n\n<p><em>Uratarinat on toteutettu osana GreenVEU-hanketta. Hanketta rahoittaa Erasmus+ -ohjelma ja siin\u00e4 ovat mukana Suomen lis\u00e4ksi Alankomaat, Unkari, Romania, Tanska ja Espanja.<\/em><\/p>\n","protected":false},"excerpt":{"rendered":"<p>Kokeilun kautta l\u00f6ytyi oma ala Salla k\u00e4vi t\u00f6iss\u00e4 jo peruskoulun aikana ja heti sen j\u00e4lkeen. Viherala l\u00f6ytyi, kun h\u00e4n p\u00e4\u00e4si opiskelemaan viherrakentamista Lappeenrannassa toimivaan Saimaan ammattiopisto Sampoon ja piti siit\u00e4 kovasti. El\u00e4m\u00e4 vei pian kuitenkin toiseen kaupunkiin, Hyvink\u00e4\u00e4lle. Siell\u00e4 Salla teki t\u00f6it\u00e4 eri aloilla, mutta mik\u00e4\u00e4n niist\u00e4 ei tuntunut omalta. Viherala veti puoleensa ja Salla [&hellip;]<\/p>\n","protected":false},"author":8,"featured_media":237,"parent":26,"menu_order":2,"comment_status":"closed","ping_status":"closed","template":"","meta":{"_acf_changed":false,"_relevanssi_hide_post":"","_relevanssi_hide_content":"","_relevanssi_pin_for_all":"","_relevanssi_pin_keywords":"","_relevanssi_unpin_keywords":"","_relevanssi_related_keywords":"","_relevanssi_related_include_ids":"","_relevanssi_related_exclude_ids":"","_relevanssi_related_no_append":"","_relevanssi_related_not_related":"","_relevanssi_related_posts":"1","_relevanssi_noindex_reason":"","footnotes":""},"class_list":["post-235","page","type-page","status-publish","has-post-thumbnail","hentry"],"acf":[],"_links":{"self":[{"href":"https:\/\/www.vyl.fi\/koulutus\/wp-json\/wp\/v2\/pages\/235","targetHints":{"allow":["GET"]}}],"collection":[{"href":"https:\/\/www.vyl.fi\/koulutus\/wp-json\/wp\/v2\/pages"}],"about":[{"href":"https:\/\/www.vyl.fi\/koulutus\/wp-json\/wp\/v2\/types\/page"}],"author":[{"embeddable":true,"href":"https:\/\/www.vyl.fi\/koulutus\/wp-json\/wp\/v2\/users\/8"}],"replies":[{"embeddable":true,"href":"https:\/\/www.vyl.fi\/koulutus\/wp-json\/wp\/v2\/comments?post=235"}],"version-history":[{"count":10,"href":"https:\/\/www.vyl.fi\/koulutus\/wp-json\/wp\/v2\/pages\/235\/revisions"}],"predecessor-version":[{"id":335,"href":"https:\/\/www.vyl.fi\/koulutus\/wp-json\/wp\/v2\/pages\/235\/revisions\/335"}],"up":[{"embeddable":true,"href":"https:\/\/www.vyl.fi\/koulutus\/wp-json\/wp\/v2\/pages\/26"}],"wp:featuredmedia":[{"embeddable":true,"href":"https:\/\/www.vyl.fi\/koulutus\/wp-json\/wp\/v2\/media\/237"}],"wp:attachment":[{"href":"https:\/\/www.vyl.fi\/koulutus\/wp-json\/wp\/v2\/media?parent=235"}],"curies":[{"name":"wp","href":"https:\/\/api.w.org\/{rel}","templated":true}]}}